{"id":549,"date":"2016-02-14T20:29:11","date_gmt":"2016-02-14T19:29:11","guid":{"rendered":"http:\/\/www.en-autarcie.ch\/?page_id=549"},"modified":"2016-02-22T22:12:00","modified_gmt":"2016-02-22T21:12:00","slug":"montage-de-lossature-bois-travaux-sur-trois-jours","status":"publish","type":"page","link":"http:\/\/www.en-autarcie.ch\/index.php\/montage-de-lossature-bois-travaux-sur-trois-jours\/","title":{"rendered":"Montage de l&rsquo;ossature bois, travaux sur cinq jours."},"content":{"rendered":"<div class=\"fcbkbttn_buttons_block\" id=\"fcbkbttn_left\"><div class=\"fcbkbttn_button\">\n\t\t\t\t\t<a href=\"https:\/\/www.facebook.com\/\" target=\"_blank\">\n\t\t\t\t\t\t<img src=\"http:\/\/www.en-autarcie.ch\/wp-content\/plugins\/facebook-button-plugin\/images\/standard-facebook-ico.png\" alt=\"Fb-Button\" \/>\n\t\t\t\t\t<\/a>\n\t\t\t\t<\/div><div class=\"fcbkbttn_like \"><fb:like href=\"http:\/\/www.en-autarcie.ch\/index.php\/montage-de-lossature-bois-travaux-sur-trois-jours\/\" action=\"like\" colorscheme=\"light\" layout=\"standard\"  width=\"225px\" size=\"small\"><\/fb:like><\/div><\/div><h4>Sur cette page, vous pouvez voir le montage de l&rsquo;ossature en bois.<\/h4>\n<h4><\/h4>\n<h4>Vendredi 19 f\u00e9vrier:<\/h4>\n\n\t\t<style type=\"text\/css\">\n\t\t\t#gallery-1 {\n\t\t\t\tmargin: auto;\n\t\t\t}\n\t\t\t#gallery-1 .gallery-item {\n\t\t\t\tfloat: left;\n\t\t\t\tmargin-top: 10px;\n\t\t\t\ttext-align: center;\n\t\t\t\twidth: 50%;\n\t\t\t}\n\t\t\t#gallery-1 img {\n\t\t\t\tborder: 2px solid #cfcfcf;\n\t\t\t}\n\t\t\t#gallery-1 .gallery-caption {\n\t\t\t\tmargin-left: 0;\n\t\t\t}\n\t\t\t\/* see gallery_shortcode() in wp-includes\/media.php *\/\n\t\t<\/style>\n\t\t<div id='gallery-1' class='gallery galleryid-549 gallery-columns-2 gallery-size-medium'><dl class='gallery-item'>\n\t\t\t<dt class='gallery-icon landscape'>\n\t\t\t\t<a href='http:\/\/www.en-autarcie.ch\/index.php\/montage-de-lossature-bois-travaux-sur-trois-jours\/img_20160220_134433\/'><img width=\"300\" height=\"169\" src=\"http:\/\/www.en-autarcie.ch\/wp-content\/uploads\/2016\/02\/IMG_20160220_134433-300x169.jpg\" class=\"attachment-medium size-medium\" alt=\"\" loading=\"lazy\" aria-describedby=\"gallery-1-589\" srcset=\"http:\/\/www.en-autarcie.ch\/wp-content\/uploads\/2016\/02\/IMG_20160220_134433-300x169.jpg 300w, http:\/\/www.en-autarcie.ch\/wp-content\/uploads\/2016\/02\/IMG_20160220_134433-1024x576.jpg 1024w\" sizes=\"(max-width: 300px) 100vw, 300px\" \/><\/a>\n\t\t\t<\/dt>\n\t\t\t\t<dd class='wp-caption-text gallery-caption' id='gallery-1-589'>\n\t\t\t\t19.02 La maison est mont\u00e9e et b\u00e2ch\u00e9e apr\u00e8s 5 jours de travail.  C&rsquo;\u00e9tait moins une avant l&rsquo;arriv\u00e9e de la pluie le samedi.\n\t\t\t\t<\/dd><\/dl><dl class='gallery-item'>\n\t\t\t<dt class='gallery-icon landscape'>\n\t\t\t\t<a href='http:\/\/www.en-autarcie.ch\/index.php\/montage-de-lossature-bois-travaux-sur-trois-jours\/img_20160219_123031\/'><img width=\"300\" height=\"169\" src=\"http:\/\/www.en-autarcie.ch\/wp-content\/uploads\/2016\/02\/IMG_20160219_123031-300x169.jpg\" class=\"attachment-medium size-medium\" alt=\"\" loading=\"lazy\" aria-describedby=\"gallery-1-587\" srcset=\"http:\/\/www.en-autarcie.ch\/wp-content\/uploads\/2016\/02\/IMG_20160219_123031-300x169.jpg 300w, http:\/\/www.en-autarcie.ch\/wp-content\/uploads\/2016\/02\/IMG_20160219_123031-1024x576.jpg 1024w\" sizes=\"(max-width: 300px) 100vw, 300px\" \/><\/a>\n\t\t\t<\/dt>\n\t\t\t\t<dd class='wp-caption-text gallery-caption' id='gallery-1-587'>\n\t\t\t\tLes derni\u00e8res fen\u00eatres sont pos\u00e9es.\n\t\t\t\t<\/dd><\/dl><br style=\"clear: both\" \/><dl class='gallery-item'>\n\t\t\t<dt class='gallery-icon landscape'>\n\t\t\t\t<a href='http:\/\/www.en-autarcie.ch\/index.php\/montage-de-lossature-bois-travaux-sur-trois-jours\/img_20160220_134558\/'><img width=\"300\" height=\"169\" src=\"http:\/\/www.en-autarcie.ch\/wp-content\/uploads\/2016\/02\/IMG_20160220_134558-300x169.jpg\" class=\"attachment-medium size-medium\" alt=\"\" loading=\"lazy\" aria-describedby=\"gallery-1-590\" srcset=\"http:\/\/www.en-autarcie.ch\/wp-content\/uploads\/2016\/02\/IMG_20160220_134558-300x169.jpg 300w, http:\/\/www.en-autarcie.ch\/wp-content\/uploads\/2016\/02\/IMG_20160220_134558-1024x576.jpg 1024w\" sizes=\"(max-width: 300px) 100vw, 300px\" \/><\/a>\n\t\t\t<\/dt>\n\t\t\t\t<dd class='wp-caption-text gallery-caption' id='gallery-1-590'>\n\t\t\t\tOssature termin\u00e9e vue de l&rsquo;int\u00e9rieure.\n\t\t\t\t<\/dd><\/dl><dl class='gallery-item'>\n\t\t\t<dt class='gallery-icon landscape'>\n\t\t\t\t<a href='http:\/\/www.en-autarcie.ch\/index.php\/montage-de-lossature-bois-travaux-sur-trois-jours\/img_20160219_144326\/'><img width=\"300\" height=\"169\" src=\"http:\/\/www.en-autarcie.ch\/wp-content\/uploads\/2016\/02\/IMG_20160219_144326-300x169.jpg\" class=\"attachment-medium size-medium\" alt=\"\" loading=\"lazy\" srcset=\"http:\/\/www.en-autarcie.ch\/wp-content\/uploads\/2016\/02\/IMG_20160219_144326-300x169.jpg 300w, http:\/\/www.en-autarcie.ch\/wp-content\/uploads\/2016\/02\/IMG_20160219_144326-1024x576.jpg 1024w\" sizes=\"(max-width: 300px) 100vw, 300px\" \/><\/a>\n\t\t\t<\/dt><\/dl><br style=\"clear: both\" \/>\n\t\t<\/div>\n\n<h4>\u00a0Jeudi 18 f\u00e9vrier:<\/h4>\n\n\t\t<style type=\"text\/css\">\n\t\t\t#gallery-2 {\n\t\t\t\tmargin: auto;\n\t\t\t}\n\t\t\t#gallery-2 .gallery-item {\n\t\t\t\tfloat: left;\n\t\t\t\tmargin-top: 10px;\n\t\t\t\ttext-align: center;\n\t\t\t\twidth: 50%;\n\t\t\t}\n\t\t\t#gallery-2 img {\n\t\t\t\tborder: 2px solid #cfcfcf;\n\t\t\t}\n\t\t\t#gallery-2 .gallery-caption {\n\t\t\t\tmargin-left: 0;\n\t\t\t}\n\t\t\t\/* see gallery_shortcode() in wp-includes\/media.php *\/\n\t\t<\/style>\n\t\t<div id='gallery-2' class='gallery galleryid-549 gallery-columns-2 gallery-size-medium'><dl class='gallery-item'>\n\t\t\t<dt class='gallery-icon landscape'>\n\t\t\t\t<a href='http:\/\/www.en-autarcie.ch\/index.php\/montage-de-lossature-bois-travaux-sur-trois-jours\/img_20160218_135420\/'><img width=\"300\" height=\"169\" src=\"http:\/\/www.en-autarcie.ch\/wp-content\/uploads\/2016\/02\/IMG_20160218_135420-300x169.jpg\" class=\"attachment-medium size-medium\" alt=\"\" loading=\"lazy\" aria-describedby=\"gallery-2-586\" srcset=\"http:\/\/www.en-autarcie.ch\/wp-content\/uploads\/2016\/02\/IMG_20160218_135420-300x169.jpg 300w, http:\/\/www.en-autarcie.ch\/wp-content\/uploads\/2016\/02\/IMG_20160218_135420-1024x576.jpg 1024w\" sizes=\"(max-width: 300px) 100vw, 300px\" \/><\/a>\n\t\t\t<\/dt>\n\t\t\t\t<dd class='wp-caption-text gallery-caption' id='gallery-2-586'>\n\t\t\t\tArriv\u00e9e de la paille directement depuis Molondin.\n\t\t\t\t<\/dd><\/dl><dl class='gallery-item'>\n\t\t\t<dt class='gallery-icon landscape'>\n\t\t\t\t<a href='http:\/\/www.en-autarcie.ch\/index.php\/montage-de-lossature-bois-travaux-sur-trois-jours\/dsc_6272\/'><img width=\"300\" height=\"199\" src=\"http:\/\/www.en-autarcie.ch\/wp-content\/uploads\/2016\/02\/DSC_6272-300x199.jpg\" class=\"attachment-medium size-medium\" alt=\"\" loading=\"lazy\" aria-describedby=\"gallery-2-585\" srcset=\"http:\/\/www.en-autarcie.ch\/wp-content\/uploads\/2016\/02\/DSC_6272-300x199.jpg 300w, http:\/\/www.en-autarcie.ch\/wp-content\/uploads\/2016\/02\/DSC_6272-1024x678.jpg 1024w\" sizes=\"(max-width: 300px) 100vw, 300px\" \/><\/a>\n\t\t\t<\/dt>\n\t\t\t\t<dd class='wp-caption-text gallery-caption' id='gallery-2-585'>\n\t\t\t\t18.02.16 D\u00e9buts de la pose de la paille.\n\t\t\t\t<\/dd><\/dl><br style=\"clear: both\" \/><dl class='gallery-item'>\n\t\t\t<dt class='gallery-icon landscape'>\n\t\t\t\t<a href='http:\/\/www.en-autarcie.ch\/index.php\/montage-de-lossature-bois-travaux-sur-trois-jours\/dsc_6263\/'><img width=\"300\" height=\"199\" src=\"http:\/\/www.en-autarcie.ch\/wp-content\/uploads\/2016\/02\/DSC_6263-300x199.jpg\" class=\"attachment-medium size-medium\" alt=\"\" loading=\"lazy\" aria-describedby=\"gallery-2-583\" srcset=\"http:\/\/www.en-autarcie.ch\/wp-content\/uploads\/2016\/02\/DSC_6263-300x199.jpg 300w, http:\/\/www.en-autarcie.ch\/wp-content\/uploads\/2016\/02\/DSC_6263-1024x678.jpg 1024w\" sizes=\"(max-width: 300px) 100vw, 300px\" \/><\/a>\n\t\t\t<\/dt>\n\t\t\t\t<dd class='wp-caption-text gallery-caption' id='gallery-2-583'>\n\t\t\t\t18.02.16 Remplissage des chevrons avec la paille. L&rsquo;isolation finale mesurera 46 cm d&rsquo;\u00e9pais.\n\t\t\t\t<\/dd><\/dl>\n\t\t\t<br style='clear: both' \/>\n\t\t<\/div>\n\n<p>&nbsp;<\/p>\n<h4><\/h4>\n<h4>Mercredi 17 f\u00e9vrier:<\/h4>\n\n\t\t<style type=\"text\/css\">\n\t\t\t#gallery-3 {\n\t\t\t\tmargin: auto;\n\t\t\t}\n\t\t\t#gallery-3 .gallery-item {\n\t\t\t\tfloat: left;\n\t\t\t\tmargin-top: 10px;\n\t\t\t\ttext-align: center;\n\t\t\t\twidth: 50%;\n\t\t\t}\n\t\t\t#gallery-3 img {\n\t\t\t\tborder: 2px solid #cfcfcf;\n\t\t\t}\n\t\t\t#gallery-3 .gallery-caption {\n\t\t\t\tmargin-left: 0;\n\t\t\t}\n\t\t\t\/* see gallery_shortcode() in wp-includes\/media.php *\/\n\t\t<\/style>\n\t\t<div id='gallery-3' class='gallery galleryid-549 gallery-columns-2 gallery-size-medium'><dl class='gallery-item'>\n\t\t\t<dt class='gallery-icon landscape'>\n\t\t\t\t<a href='http:\/\/www.en-autarcie.ch\/index.php\/montage-de-lossature-bois-travaux-sur-trois-jours\/dsc_6247\/'><img width=\"300\" height=\"199\" src=\"http:\/\/www.en-autarcie.ch\/wp-content\/uploads\/2016\/02\/DSC_6247-300x199.jpg\" class=\"attachment-medium size-medium\" alt=\"\" loading=\"lazy\" aria-describedby=\"gallery-3-578\" srcset=\"http:\/\/www.en-autarcie.ch\/wp-content\/uploads\/2016\/02\/DSC_6247-300x199.jpg 300w, http:\/\/www.en-autarcie.ch\/wp-content\/uploads\/2016\/02\/DSC_6247-1024x678.jpg 1024w\" sizes=\"(max-width: 300px) 100vw, 300px\" \/><\/a>\n\t\t\t<\/dt>\n\t\t\t\t<dd class='wp-caption-text gallery-caption' id='gallery-3-578'>\n\t\t\t\tArriv\u00e9e de la charpente construite selon la taille des bottes de paille.\n\t\t\t\t<\/dd><\/dl><dl class='gallery-item'>\n\t\t\t<dt class='gallery-icon landscape'>\n\t\t\t\t<a href='http:\/\/www.en-autarcie.ch\/index.php\/montage-de-lossature-bois-travaux-sur-trois-jours\/dsc_6248\/'><img width=\"300\" height=\"199\" src=\"http:\/\/www.en-autarcie.ch\/wp-content\/uploads\/2016\/02\/DSC_6248-300x199.jpg\" class=\"attachment-medium size-medium\" alt=\"\" loading=\"lazy\" aria-describedby=\"gallery-3-579\" srcset=\"http:\/\/www.en-autarcie.ch\/wp-content\/uploads\/2016\/02\/DSC_6248-300x199.jpg 300w, http:\/\/www.en-autarcie.ch\/wp-content\/uploads\/2016\/02\/DSC_6248-1024x678.jpg 1024w\" sizes=\"(max-width: 300px) 100vw, 300px\" \/><\/a>\n\t\t\t<\/dt>\n\t\t\t\t<dd class='wp-caption-text gallery-caption' id='gallery-3-579'>\n\t\t\t\t17.02.16 Pose des chevrons de toiture.\n\t\t\t\t<\/dd><\/dl><br style=\"clear: both\" \/><dl class='gallery-item'>\n\t\t\t<dt class='gallery-icon landscape'>\n\t\t\t\t<a href='http:\/\/www.en-autarcie.ch\/index.php\/montage-de-lossature-bois-travaux-sur-trois-jours\/dsc_6255\/'><img width=\"300\" height=\"199\" src=\"http:\/\/www.en-autarcie.ch\/wp-content\/uploads\/2016\/02\/DSC_6255-300x199.jpg\" class=\"attachment-medium size-medium\" alt=\"\" loading=\"lazy\" aria-describedby=\"gallery-3-580\" srcset=\"http:\/\/www.en-autarcie.ch\/wp-content\/uploads\/2016\/02\/DSC_6255-300x199.jpg 300w, http:\/\/www.en-autarcie.ch\/wp-content\/uploads\/2016\/02\/DSC_6255-1024x678.jpg 1024w\" sizes=\"(max-width: 300px) 100vw, 300px\" \/><\/a>\n\t\t\t<\/dt>\n\t\t\t\t<dd class='wp-caption-text gallery-caption' id='gallery-3-580'>\n\t\t\t\tLes premi\u00e8res fen\u00eatres arrivent le jour m\u00eame.\n\t\t\t\t<\/dd><\/dl><dl class='gallery-item'>\n\t\t\t<dt class='gallery-icon landscape'>\n\t\t\t\t<a href='http:\/\/www.en-autarcie.ch\/index.php\/montage-de-lossature-bois-travaux-sur-trois-jours\/dsc_6259\/'><img width=\"300\" height=\"199\" src=\"http:\/\/www.en-autarcie.ch\/wp-content\/uploads\/2016\/02\/DSC_6259-300x199.jpg\" class=\"attachment-medium size-medium\" alt=\"\" loading=\"lazy\" aria-describedby=\"gallery-3-581\" srcset=\"http:\/\/www.en-autarcie.ch\/wp-content\/uploads\/2016\/02\/DSC_6259-300x199.jpg 300w, http:\/\/www.en-autarcie.ch\/wp-content\/uploads\/2016\/02\/DSC_6259-1024x678.jpg 1024w\" sizes=\"(max-width: 300px) 100vw, 300px\" \/><\/a>\n\t\t\t<\/dt>\n\t\t\t\t<dd class='wp-caption-text gallery-caption' id='gallery-3-581'>\n\t\t\t\tLa camion grue aide au montage des fen\u00eatres. Avec les triples vitrages \u00e0 tr\u00e8s haute performance, chaque fen\u00eatre p\u00e8se des centaines de kg.\n\t\t\t\t<\/dd><\/dl><br style=\"clear: both\" \/><dl class='gallery-item'>\n\t\t\t<dt class='gallery-icon landscape'>\n\t\t\t\t<a href='http:\/\/www.en-autarcie.ch\/index.php\/montage-de-lossature-bois-travaux-sur-trois-jours\/dsc_6256\/'><img width=\"300\" height=\"199\" src=\"http:\/\/www.en-autarcie.ch\/wp-content\/uploads\/2016\/02\/DSC_6256-300x199.jpg\" class=\"attachment-medium size-medium\" alt=\"\" loading=\"lazy\" aria-describedby=\"gallery-3-582\" srcset=\"http:\/\/www.en-autarcie.ch\/wp-content\/uploads\/2016\/02\/DSC_6256-300x199.jpg 300w, http:\/\/www.en-autarcie.ch\/wp-content\/uploads\/2016\/02\/DSC_6256-1024x678.jpg 1024w\" sizes=\"(max-width: 300px) 100vw, 300px\" \/><\/a>\n\t\t\t<\/dt>\n\t\t\t\t<dd class='wp-caption-text gallery-caption' id='gallery-3-582'>\n\t\t\t\tPose des derniers \u00e9l\u00e9ments de toiture. La maison est pr\u00eat pour recevoir la paille.\n\t\t\t\t<\/dd><\/dl>\n\t\t\t<br style='clear: both' \/>\n\t\t<\/div>\n\n<h4><\/h4>\n<h4>Mardi 16 f\u00e9vrier:<\/h4>\n\n\t\t<style type=\"text\/css\">\n\t\t\t#gallery-4 {\n\t\t\t\tmargin: auto;\n\t\t\t}\n\t\t\t#gallery-4 .gallery-item {\n\t\t\t\tfloat: left;\n\t\t\t\tmargin-top: 10px;\n\t\t\t\ttext-align: center;\n\t\t\t\twidth: 50%;\n\t\t\t}\n\t\t\t#gallery-4 img {\n\t\t\t\tborder: 2px solid #cfcfcf;\n\t\t\t}\n\t\t\t#gallery-4 .gallery-caption {\n\t\t\t\tmargin-left: 0;\n\t\t\t}\n\t\t\t\/* see gallery_shortcode() in wp-includes\/media.php *\/\n\t\t<\/style>\n\t\t<div id='gallery-4' class='gallery galleryid-549 gallery-columns-2 gallery-size-medium'><dl class='gallery-item'>\n\t\t\t<dt class='gallery-icon landscape'>\n\t\t\t\t<a href='http:\/\/www.en-autarcie.ch\/index.php\/montage-de-lossature-bois-travaux-sur-trois-jours\/dsc_6244\/'><img width=\"300\" height=\"199\" src=\"http:\/\/www.en-autarcie.ch\/wp-content\/uploads\/2016\/02\/DSC_6244-300x199.jpg\" class=\"attachment-medium size-medium\" alt=\"\" loading=\"lazy\" aria-describedby=\"gallery-4-574\" srcset=\"http:\/\/www.en-autarcie.ch\/wp-content\/uploads\/2016\/02\/DSC_6244-300x199.jpg 300w, http:\/\/www.en-autarcie.ch\/wp-content\/uploads\/2016\/02\/DSC_6244-1024x678.jpg 1024w\" sizes=\"(max-width: 300px) 100vw, 300px\" \/><\/a>\n\t\t\t<\/dt>\n\t\t\t\t<dd class='wp-caption-text gallery-caption' id='gallery-4-574'>\n\t\t\t\t16.02.16 La panne fa\u00eeti\u00e8re est tr\u00e8s importante, car elle est tenue en deux points espac\u00e9s de 12m.\n\t\t\t\t<\/dd><\/dl><dl class='gallery-item'>\n\t\t\t<dt class='gallery-icon landscape'>\n\t\t\t\t<a href='http:\/\/www.en-autarcie.ch\/index.php\/montage-de-lossature-bois-travaux-sur-trois-jours\/dsc_6236\/'><img width=\"300\" height=\"199\" src=\"http:\/\/www.en-autarcie.ch\/wp-content\/uploads\/2016\/02\/DSC_6236-300x199.jpg\" class=\"attachment-medium size-medium\" alt=\"\" loading=\"lazy\" aria-describedby=\"gallery-4-573\" srcset=\"http:\/\/www.en-autarcie.ch\/wp-content\/uploads\/2016\/02\/DSC_6236-300x199.jpg 300w, http:\/\/www.en-autarcie.ch\/wp-content\/uploads\/2016\/02\/DSC_6236-1024x678.jpg 1024w\" sizes=\"(max-width: 300px) 100vw, 300px\" \/><\/a>\n\t\t\t<\/dt>\n\t\t\t\t<dd class='wp-caption-text gallery-caption' id='gallery-4-573'>\n\t\t\t\tLa panne fa\u00eeti\u00e8re p\u00e8se 1,8 tonnes. Peut-\u00eatre la plus belle op\u00e9ration du montage de la maison.\n\t\t\t\t<\/dd><\/dl><br style=\"clear: both\" \/><dl class='gallery-item'>\n\t\t\t<dt class='gallery-icon landscape'>\n\t\t\t\t<a href='http:\/\/www.en-autarcie.ch\/index.php\/montage-de-lossature-bois-travaux-sur-trois-jours\/dsc_6234\/'><img width=\"300\" height=\"199\" src=\"http:\/\/www.en-autarcie.ch\/wp-content\/uploads\/2016\/02\/DSC_6234-300x199.jpg\" class=\"attachment-medium size-medium\" alt=\"\" loading=\"lazy\" aria-describedby=\"gallery-4-575\" srcset=\"http:\/\/www.en-autarcie.ch\/wp-content\/uploads\/2016\/02\/DSC_6234-300x199.jpg 300w, http:\/\/www.en-autarcie.ch\/wp-content\/uploads\/2016\/02\/DSC_6234-1024x678.jpg 1024w\" sizes=\"(max-width: 300px) 100vw, 300px\" \/><\/a>\n\t\t\t<\/dt>\n\t\t\t\t<dd class='wp-caption-text gallery-caption' id='gallery-4-575'>\n\t\t\t\tLa maison prend forme aux abords du chemin de l&rsquo;Essert.\n\t\t\t\t<\/dd><\/dl><dl class='gallery-item'>\n\t\t\t<dt class='gallery-icon landscape'>\n\t\t\t\t<a href='http:\/\/www.en-autarcie.ch\/index.php\/montage-de-lossature-bois-travaux-sur-trois-jours\/dsc_6235\/'><img width=\"300\" height=\"199\" src=\"http:\/\/www.en-autarcie.ch\/wp-content\/uploads\/2016\/02\/DSC_6235-300x199.jpg\" class=\"attachment-medium size-medium\" alt=\"\" loading=\"lazy\" aria-describedby=\"gallery-4-572\" srcset=\"http:\/\/www.en-autarcie.ch\/wp-content\/uploads\/2016\/02\/DSC_6235-300x199.jpg 300w, http:\/\/www.en-autarcie.ch\/wp-content\/uploads\/2016\/02\/DSC_6235-1024x678.jpg 1024w\" sizes=\"(max-width: 300px) 100vw, 300px\" \/><\/a>\n\t\t\t<\/dt>\n\t\t\t\t<dd class='wp-caption-text gallery-caption' id='gallery-4-572'>\n\t\t\t\tConstruction des murs du 1er \u00e9tage.\n\t\t\t\t<\/dd><\/dl><br style=\"clear: both\" \/><dl class='gallery-item'>\n\t\t\t<dt class='gallery-icon landscape'>\n\t\t\t\t<a href='http:\/\/www.en-autarcie.ch\/index.php\/montage-de-lossature-bois-travaux-sur-trois-jours\/dsc_6230\/'><img width=\"300\" height=\"199\" src=\"http:\/\/www.en-autarcie.ch\/wp-content\/uploads\/2016\/02\/DSC_6230-300x199.jpg\" class=\"attachment-medium size-medium\" alt=\"\" loading=\"lazy\" aria-describedby=\"gallery-4-571\" srcset=\"http:\/\/www.en-autarcie.ch\/wp-content\/uploads\/2016\/02\/DSC_6230-300x199.jpg 300w, http:\/\/www.en-autarcie.ch\/wp-content\/uploads\/2016\/02\/DSC_6230-1024x678.jpg 1024w\" sizes=\"(max-width: 300px) 100vw, 300px\" \/><\/a>\n\t\t\t<\/dt>\n\t\t\t\t<dd class='wp-caption-text gallery-caption' id='gallery-4-571'>\n\t\t\t\tCe poteau est l&rsquo;une des pi\u00e8ces ma\u00eetresses de la maison. Il traverse tous les \u00e9tages afin de rigidifier la maison.\n\t\t\t\t<\/dd><\/dl><dl class='gallery-item'>\n\t\t\t<dt class='gallery-icon landscape'>\n\t\t\t\t<a href='http:\/\/www.en-autarcie.ch\/index.php\/montage-de-lossature-bois-travaux-sur-trois-jours\/dsc_6226\/'><img width=\"300\" height=\"199\" src=\"http:\/\/www.en-autarcie.ch\/wp-content\/uploads\/2016\/02\/DSC_6226-300x199.jpg\" class=\"attachment-medium size-medium\" alt=\"\" loading=\"lazy\" aria-describedby=\"gallery-4-570\" srcset=\"http:\/\/www.en-autarcie.ch\/wp-content\/uploads\/2016\/02\/DSC_6226-300x199.jpg 300w, http:\/\/www.en-autarcie.ch\/wp-content\/uploads\/2016\/02\/DSC_6226-1024x678.jpg 1024w\" sizes=\"(max-width: 300px) 100vw, 300px\" \/><\/a>\n\t\t\t<\/dt>\n\t\t\t\t<dd class='wp-caption-text gallery-caption' id='gallery-4-570'>\n\t\t\t\tInsertion d&rsquo;un poteau vertical de 9m de haut.\n\t\t\t\t<\/dd><\/dl><br style=\"clear: both\" \/><dl class='gallery-item'>\n\t\t\t<dt class='gallery-icon landscape'>\n\t\t\t\t<a href='http:\/\/www.en-autarcie.ch\/index.php\/montage-de-lossature-bois-travaux-sur-trois-jours\/dsc_6211\/'><img width=\"300\" height=\"199\" src=\"http:\/\/www.en-autarcie.ch\/wp-content\/uploads\/2016\/02\/DSC_6211-300x199.jpg\" class=\"attachment-medium size-medium\" alt=\"\" loading=\"lazy\" aria-describedby=\"gallery-4-569\" srcset=\"http:\/\/www.en-autarcie.ch\/wp-content\/uploads\/2016\/02\/DSC_6211-300x199.jpg 300w, http:\/\/www.en-autarcie.ch\/wp-content\/uploads\/2016\/02\/DSC_6211-1024x678.jpg 1024w\" sizes=\"(max-width: 300px) 100vw, 300px\" \/><\/a>\n\t\t\t<\/dt>\n\t\t\t\t<dd class='wp-caption-text gallery-caption' id='gallery-4-569'>\n\t\t\t\tLa RTS nous fait le plaisir de venir couvrir l&rsquo;\u00e9v\u00e8nement. Une s\u00e9rie de reportages sera diffus\u00e9e sur la construction de la maison.\n\t\t\t\t<\/dd><\/dl><dl class='gallery-item'>\n\t\t\t<dt class='gallery-icon landscape'>\n\t\t\t\t<a href='http:\/\/www.en-autarcie.ch\/index.php\/montage-de-lossature-bois-travaux-sur-trois-jours\/dsc_6210\/'><img width=\"300\" height=\"199\" src=\"http:\/\/www.en-autarcie.ch\/wp-content\/uploads\/2016\/02\/DSC_6210-300x199.jpg\" class=\"attachment-medium size-medium\" alt=\"\" loading=\"lazy\" aria-describedby=\"gallery-4-568\" srcset=\"http:\/\/www.en-autarcie.ch\/wp-content\/uploads\/2016\/02\/DSC_6210-300x199.jpg 300w, http:\/\/www.en-autarcie.ch\/wp-content\/uploads\/2016\/02\/DSC_6210-1024x678.jpg 1024w\" sizes=\"(max-width: 300px) 100vw, 300px\" \/><\/a>\n\t\t\t<\/dt>\n\t\t\t\t<dd class='wp-caption-text gallery-caption' id='gallery-4-568'>\n\t\t\t\tLes assemblages sont tr\u00e8s pr\u00e9cis, ainsi l&#8217;emsemble des pi\u00e8ces se montent rapidement.\n\t\t\t\t<\/dd><\/dl><br style=\"clear: both\" \/><dl class='gallery-item'>\n\t\t\t<dt class='gallery-icon landscape'>\n\t\t\t\t<a href='http:\/\/www.en-autarcie.ch\/index.php\/montage-de-lossature-bois-travaux-sur-trois-jours\/dsc_6199\/'><img width=\"300\" height=\"199\" src=\"http:\/\/www.en-autarcie.ch\/wp-content\/uploads\/2016\/02\/DSC_6199-300x199.jpg\" class=\"attachment-medium size-medium\" alt=\"\" loading=\"lazy\" aria-describedby=\"gallery-4-567\" srcset=\"http:\/\/www.en-autarcie.ch\/wp-content\/uploads\/2016\/02\/DSC_6199-300x199.jpg 300w, http:\/\/www.en-autarcie.ch\/wp-content\/uploads\/2016\/02\/DSC_6199-1024x678.jpg 1024w\" sizes=\"(max-width: 300px) 100vw, 300px\" \/><\/a>\n\t\t\t<\/dt>\n\t\t\t\t<dd class='wp-caption-text gallery-caption' id='gallery-4-567'>\n\t\t\t\t16.02.16 Ce camion livre tous les poteaux et la panne fa\u00eeti\u00e8re du 1er \u00e9tage.\n\t\t\t\t<\/dd><\/dl>\n\t\t\t<br style='clear: both' \/>\n\t\t<\/div>\n\n<h4>Lundi 15 f\u00e9vrier:<\/h4>\n\n\t\t<style type=\"text\/css\">\n\t\t\t#gallery-5 {\n\t\t\t\tmargin: auto;\n\t\t\t}\n\t\t\t#gallery-5 .gallery-item {\n\t\t\t\tfloat: left;\n\t\t\t\tmargin-top: 10px;\n\t\t\t\ttext-align: center;\n\t\t\t\twidth: 50%;\n\t\t\t}\n\t\t\t#gallery-5 img {\n\t\t\t\tborder: 2px solid #cfcfcf;\n\t\t\t}\n\t\t\t#gallery-5 .gallery-caption {\n\t\t\t\tmargin-left: 0;\n\t\t\t}\n\t\t\t\/* see gallery_shortcode() in wp-includes\/media.php *\/\n\t\t<\/style>\n\t\t<div id='gallery-5' class='gallery galleryid-549 gallery-columns-2 gallery-size-medium'><dl class='gallery-item'>\n\t\t\t<dt class='gallery-icon landscape'>\n\t\t\t\t<a href='http:\/\/www.en-autarcie.ch\/index.php\/montage-de-lossature-bois-travaux-sur-trois-jours\/dsc_6190\/'><img width=\"300\" height=\"199\" src=\"http:\/\/www.en-autarcie.ch\/wp-content\/uploads\/2016\/02\/DSC_6190-300x199.jpg\" class=\"attachment-medium size-medium\" alt=\"\" loading=\"lazy\" aria-describedby=\"gallery-5-560\" srcset=\"http:\/\/www.en-autarcie.ch\/wp-content\/uploads\/2016\/02\/DSC_6190-300x199.jpg 300w, http:\/\/www.en-autarcie.ch\/wp-content\/uploads\/2016\/02\/DSC_6190-1024x678.jpg 1024w\" sizes=\"(max-width: 300px) 100vw, 300px\" \/><\/a>\n\t\t\t<\/dt>\n\t\t\t\t<dd class='wp-caption-text gallery-caption' id='gallery-5-560'>\n\t\t\t\t15.02.16 La maison prend forme! Plus qu&rsquo;un \u00e9tage&#8230;\n\t\t\t\t<\/dd><\/dl><dl class='gallery-item'>\n\t\t\t<dt class='gallery-icon landscape'>\n\t\t\t\t<a href='http:\/\/www.en-autarcie.ch\/index.php\/montage-de-lossature-bois-travaux-sur-trois-jours\/dsc_6188\/'><img width=\"300\" height=\"199\" src=\"http:\/\/www.en-autarcie.ch\/wp-content\/uploads\/2016\/02\/DSC_6188-300x199.jpg\" class=\"attachment-medium size-medium\" alt=\"\" loading=\"lazy\" aria-describedby=\"gallery-5-559\" srcset=\"http:\/\/www.en-autarcie.ch\/wp-content\/uploads\/2016\/02\/DSC_6188-300x199.jpg 300w, http:\/\/www.en-autarcie.ch\/wp-content\/uploads\/2016\/02\/DSC_6188-1024x678.jpg 1024w\" sizes=\"(max-width: 300px) 100vw, 300px\" \/><\/a>\n\t\t\t<\/dt>\n\t\t\t\t<dd class='wp-caption-text gallery-caption' id='gallery-5-559'>\n\t\t\t\tR\u00e9sultat d&rsquo;une journ\u00e9e de travail.\n\t\t\t\t<\/dd><\/dl><br style=\"clear: both\" \/><dl class='gallery-item'>\n\t\t\t<dt class='gallery-icon portrait'>\n\t\t\t\t<a href='http:\/\/www.en-autarcie.ch\/index.php\/montage-de-lossature-bois-travaux-sur-trois-jours\/dsc_6186-b\/'><img width=\"199\" height=\"300\" src=\"http:\/\/www.en-autarcie.ch\/wp-content\/uploads\/2016\/02\/DSC_6186-B-199x300.jpg\" class=\"attachment-medium size-medium\" alt=\"\" loading=\"lazy\" aria-describedby=\"gallery-5-564\" srcset=\"http:\/\/www.en-autarcie.ch\/wp-content\/uploads\/2016\/02\/DSC_6186-B-199x300.jpg 199w, http:\/\/www.en-autarcie.ch\/wp-content\/uploads\/2016\/02\/DSC_6186-B-678x1024.jpg 678w\" sizes=\"(max-width: 199px) 100vw, 199px\" \/><\/a>\n\t\t\t<\/dt>\n\t\t\t\t<dd class='wp-caption-text gallery-caption' id='gallery-5-564'>\n\t\t\t\tR\u00e9glage de la verticalit\u00e9 d&rsquo;une paroi.\n\t\t\t\t<\/dd><\/dl><dl class='gallery-item'>\n\t\t\t<dt class='gallery-icon portrait'>\n\t\t\t\t<a href='http:\/\/www.en-autarcie.ch\/index.php\/montage-de-lossature-bois-travaux-sur-trois-jours\/dsc_6183-b\/'><img width=\"199\" height=\"300\" src=\"http:\/\/www.en-autarcie.ch\/wp-content\/uploads\/2016\/02\/DSC_6183-B-199x300.jpg\" class=\"attachment-medium size-medium\" alt=\"\" loading=\"lazy\" aria-describedby=\"gallery-5-563\" srcset=\"http:\/\/www.en-autarcie.ch\/wp-content\/uploads\/2016\/02\/DSC_6183-B-199x300.jpg 199w, http:\/\/www.en-autarcie.ch\/wp-content\/uploads\/2016\/02\/DSC_6183-B-678x1024.jpg 678w\" sizes=\"(max-width: 199px) 100vw, 199px\" \/><\/a>\n\t\t\t<\/dt>\n\t\t\t\t<dd class='wp-caption-text gallery-caption' id='gallery-5-563'>\n\t\t\t\tDeux parois sont fix\u00e9es, la suite arrive.\n\t\t\t\t<\/dd><\/dl><br style=\"clear: both\" \/><dl class='gallery-item'>\n\t\t\t<dt class='gallery-icon landscape'>\n\t\t\t\t<a href='http:\/\/www.en-autarcie.ch\/index.php\/montage-de-lossature-bois-travaux-sur-trois-jours\/dsc_6172\/'><img width=\"300\" height=\"199\" src=\"http:\/\/www.en-autarcie.ch\/wp-content\/uploads\/2016\/02\/DSC_6172-300x199.jpg\" class=\"attachment-medium size-medium\" alt=\"\" loading=\"lazy\" aria-describedby=\"gallery-5-556\" srcset=\"http:\/\/www.en-autarcie.ch\/wp-content\/uploads\/2016\/02\/DSC_6172-300x199.jpg 300w, http:\/\/www.en-autarcie.ch\/wp-content\/uploads\/2016\/02\/DSC_6172-1024x678.jpg 1024w\" sizes=\"(max-width: 300px) 100vw, 300px\" \/><\/a>\n\t\t\t<\/dt>\n\t\t\t\t<dd class='wp-caption-text gallery-caption' id='gallery-5-556'>\n\t\t\t\tL&rsquo;\u00e9quipe de Barras Charpente au travail.\n\t\t\t\t<\/dd><\/dl><dl class='gallery-item'>\n\t\t\t<dt class='gallery-icon landscape'>\n\t\t\t\t<a href='http:\/\/www.en-autarcie.ch\/index.php\/montage-de-lossature-bois-travaux-sur-trois-jours\/dsc_6162\/'><img width=\"300\" height=\"199\" src=\"http:\/\/www.en-autarcie.ch\/wp-content\/uploads\/2016\/02\/DSC_6162-300x199.jpg\" class=\"attachment-medium size-medium\" alt=\"\" loading=\"lazy\" aria-describedby=\"gallery-5-555\" srcset=\"http:\/\/www.en-autarcie.ch\/wp-content\/uploads\/2016\/02\/DSC_6162-300x199.jpg 300w, http:\/\/www.en-autarcie.ch\/wp-content\/uploads\/2016\/02\/DSC_6162-1024x678.jpg 1024w\" sizes=\"(max-width: 300px) 100vw, 300px\" \/><\/a>\n\t\t\t<\/dt>\n\t\t\t\t<dd class='wp-caption-text gallery-caption' id='gallery-5-555'>\n\t\t\t\tFixation du mur avec des renforts m\u00e9talliques en attendant  l&rsquo;arriv\u00e9e des prochaines parois.\n\t\t\t\t<\/dd><\/dl><br style=\"clear: both\" \/><dl class='gallery-item'>\n\t\t\t<dt class='gallery-icon landscape'>\n\t\t\t\t<a href='http:\/\/www.en-autarcie.ch\/index.php\/montage-de-lossature-bois-travaux-sur-trois-jours\/dsc_6160\/'><img width=\"300\" height=\"199\" src=\"http:\/\/www.en-autarcie.ch\/wp-content\/uploads\/2016\/02\/DSC_6160-300x199.jpg\" class=\"attachment-medium size-medium\" alt=\"\" loading=\"lazy\" aria-describedby=\"gallery-5-554\" srcset=\"http:\/\/www.en-autarcie.ch\/wp-content\/uploads\/2016\/02\/DSC_6160-300x199.jpg 300w, http:\/\/www.en-autarcie.ch\/wp-content\/uploads\/2016\/02\/DSC_6160-1024x678.jpg 1024w\" sizes=\"(max-width: 300px) 100vw, 300px\" \/><\/a>\n\t\t\t<\/dt>\n\t\t\t\t<dd class='wp-caption-text gallery-caption' id='gallery-5-554'>\n\t\t\t\tLe manitou de 25 tonnes, l&rsquo;engin de la situation.\n\t\t\t\t<\/dd><\/dl><dl class='gallery-item'>\n\t\t\t<dt class='gallery-icon landscape'>\n\t\t\t\t<a href='http:\/\/www.en-autarcie.ch\/index.php\/montage-de-lossature-bois-travaux-sur-trois-jours\/dsc_6153\/'><img width=\"300\" height=\"199\" src=\"http:\/\/www.en-autarcie.ch\/wp-content\/uploads\/2016\/02\/DSC_6153-300x199.jpg\" class=\"attachment-medium size-medium\" alt=\"\" loading=\"lazy\" aria-describedby=\"gallery-5-553\" srcset=\"http:\/\/www.en-autarcie.ch\/wp-content\/uploads\/2016\/02\/DSC_6153-300x199.jpg 300w, http:\/\/www.en-autarcie.ch\/wp-content\/uploads\/2016\/02\/DSC_6153-1024x678.jpg 1024w\" sizes=\"(max-width: 300px) 100vw, 300px\" \/><\/a>\n\t\t\t<\/dt>\n\t\t\t\t<dd class='wp-caption-text gallery-caption' id='gallery-5-553'>\n\t\t\t\t15.02.16 Le mur nord est pos\u00e9, il reste suspsendu en attendant qu&rsquo;il soit viss\u00e9.\n\t\t\t\t<\/dd><\/dl><br style=\"clear: both\" \/><dl class='gallery-item'>\n\t\t\t<dt class='gallery-icon landscape'>\n\t\t\t\t<a href='http:\/\/www.en-autarcie.ch\/index.php\/montage-de-lossature-bois-travaux-sur-trois-jours\/dsc_6152\/'><img width=\"300\" height=\"199\" src=\"http:\/\/www.en-autarcie.ch\/wp-content\/uploads\/2016\/02\/DSC_6152-300x199.jpg\" class=\"attachment-medium size-medium\" alt=\"\" loading=\"lazy\" aria-describedby=\"gallery-5-552\" srcset=\"http:\/\/www.en-autarcie.ch\/wp-content\/uploads\/2016\/02\/DSC_6152-300x199.jpg 300w, http:\/\/www.en-autarcie.ch\/wp-content\/uploads\/2016\/02\/DSC_6152-1024x678.jpg 1024w\" sizes=\"(max-width: 300px) 100vw, 300px\" \/><\/a>\n\t\t\t<\/dt>\n\t\t\t\t<dd class='wp-caption-text gallery-caption' id='gallery-5-552'>\n\t\t\t\tPremi\u00e8re pi\u00e8ce au bout de la grue. \n\t\t\t\t<\/dd><\/dl>\n\t\t\t<br style='clear: both' \/>\n\t\t<\/div>\n\n<h4>Ossature pr\u00e9fabriqu\u00e9e en atelier chez Barras Charpente:<\/h4>\n<p>&nbsp;<\/p>\n\n\t\t<style type=\"text\/css\">\n\t\t\t#gallery-6 {\n\t\t\t\tmargin: auto;\n\t\t\t}\n\t\t\t#gallery-6 .gallery-item {\n\t\t\t\tfloat: left;\n\t\t\t\tmargin-top: 10px;\n\t\t\t\ttext-align: center;\n\t\t\t\twidth: 50%;\n\t\t\t}\n\t\t\t#gallery-6 img {\n\t\t\t\tborder: 2px solid #cfcfcf;\n\t\t\t}\n\t\t\t#gallery-6 .gallery-caption {\n\t\t\t\tmargin-left: 0;\n\t\t\t}\n\t\t\t\/* see gallery_shortcode() in wp-includes\/media.php *\/\n\t\t<\/style>\n\t\t<div id='gallery-6' class='gallery galleryid-549 gallery-columns-2 gallery-size-medium'><dl class='gallery-item'>\n\t\t\t<dt class='gallery-icon landscape'>\n\t\t\t\t<a href='http:\/\/www.en-autarcie.ch\/index.php\/partenaire-barras-charpente\/dsc_6087\/'><img width=\"300\" height=\"199\" src=\"http:\/\/www.en-autarcie.ch\/wp-content\/uploads\/2016\/01\/DSC_6087-300x199.png\" class=\"attachment-medium size-medium\" alt=\"\" loading=\"lazy\" aria-describedby=\"gallery-6-492\" srcset=\"http:\/\/www.en-autarcie.ch\/wp-content\/uploads\/2016\/01\/DSC_6087-300x199.png 300w, http:\/\/www.en-autarcie.ch\/wp-content\/uploads\/2016\/01\/DSC_6087-1024x678.png 1024w\" sizes=\"(max-width: 300px) 100vw, 300px\" \/><\/a>\n\t\t\t<\/dt>\n\t\t\t\t<dd class='wp-caption-text gallery-caption' id='gallery-6-492'>\n\t\t\t\tMurs et charpente fabriqu\u00e9s en atelier en attente de livraison\n\t\t\t\t<\/dd><\/dl><dl class='gallery-item'>\n\t\t\t<dt class='gallery-icon portrait'>\n\t\t\t\t<a href='http:\/\/www.en-autarcie.ch\/index.php\/montage-de-lossature-bois-travaux-sur-trois-jours\/dsc_6083-2\/'><img width=\"199\" height=\"300\" src=\"http:\/\/www.en-autarcie.ch\/wp-content\/uploads\/2016\/02\/DSC_6083-199x300.png\" class=\"attachment-medium size-medium\" alt=\"\" loading=\"lazy\" aria-describedby=\"gallery-6-550\" srcset=\"http:\/\/www.en-autarcie.ch\/wp-content\/uploads\/2016\/02\/DSC_6083-199x300.png 199w, http:\/\/www.en-autarcie.ch\/wp-content\/uploads\/2016\/02\/DSC_6083-678x1024.png 678w\" sizes=\"(max-width: 199px) 100vw, 199px\" \/><\/a>\n\t\t\t<\/dt>\n\t\t\t\t<dd class='wp-caption-text gallery-caption' id='gallery-6-550'>\n\t\t\t\tPierre Oberson et Jean Barras, les concepteurs et fabricants de l&rsquo;ossature.\n\t\t\t\t<\/dd><\/dl><br style=\"clear: both\" \/>\n\t\t<\/div>\n\n<h4>Conception de l&rsquo;ossature en bois:<\/h4>\n<p><a href=\"http:\/\/www.en-autarcie.ch\/wp-content\/uploads\/2015\/11\/DSC_5372.jpg\"><img loading=\"lazy\" class=\"wp-image-395 alignleft\" src=\"http:\/\/www.en-autarcie.ch\/wp-content\/uploads\/2015\/11\/DSC_5372-1024x678.jpg\" alt=\"Pierre Oberson\" width=\"131\" height=\"87\" srcset=\"http:\/\/www.en-autarcie.ch\/wp-content\/uploads\/2015\/11\/DSC_5372-1024x678.jpg 1024w, http:\/\/www.en-autarcie.ch\/wp-content\/uploads\/2015\/11\/DSC_5372-300x199.jpg 300w\" sizes=\"(max-width: 131px) 100vw, 131px\" \/><\/a>Lire un reportage sur la conception de l&rsquo;ossature bois:<\/p>\n<p><a href=\"http:\/\/www.en-autarcie.ch\/index.php\/carnets-de-construction\/lossature-bois-la-colonne-vertebrale-dune-maison-ecologique\/\">http:\/\/www.en-autarcie.ch\/index.php\/carnets-de-construction\/lossature-bois-la-colonne-vertebrale-dune-maison-ecologique\/<\/a><\/p>\n<p>&nbsp;<\/p>\n<p>&nbsp;<\/p>\n","protected":false},"excerpt":{"rendered":"<p>Sur cette page, vous pouvez voir le montage de l&rsquo;ossature en bois. Vendredi 19 f\u00e9vrier: \u00a0Jeudi 18 f\u00e9vrier: &nbsp; Mercredi 17 f\u00e9vrier: Mardi 16 f\u00e9vrier: Lundi 15 f\u00e9vrier: Ossature pr\u00e9fabriqu\u00e9e en atelier chez Barras Charpente: &nbsp; Conception de l&rsquo;ossature en bois: Lire un reportage sur la conception de l&rsquo;ossature bois: http:\/\/www.en-autarcie.ch\/index.php\/carnets-de-construction\/lossature-bois-la-colonne-vertebrale-dune-maison-ecologique\/ &nbsp; &nbsp;<\/p>\n","protected":false},"author":2,"featured_media":0,"parent":0,"menu_order":0,"comment_status":"closed","ping_status":"closed","template":"","meta":{"ngg_post_thumbnail":0},"yoast_head":"<!-- This site is optimized with the Yoast SEO plugin v20.6 - https:\/\/yoast.com\/wordpress\/plugins\/seo\/ -->\n<title>Montage de l&#039;ossature bois, travaux sur cinq jours. - Maison Autarcique<\/title>\n<meta name=\"robots\" content=\"index, follow, max-snippet:-1, max-image-preview:large, max-video-preview:-1\" \/>\n<link rel=\"canonical\" href=\"http:\/\/www.en-autarcie.ch\/index.php\/montage-de-lossature-bois-travaux-sur-trois-jours\/\" \/>\n<meta property=\"og:locale\" content=\"fr_FR\" \/>\n<meta property=\"og:type\" content=\"article\" \/>\n<meta property=\"og:title\" content=\"Montage de l&#039;ossature bois, travaux sur cinq jours. - Maison Autarcique\" \/>\n<meta property=\"og:description\" content=\"Sur cette page, vous pouvez voir le montage de l&rsquo;ossature en bois. Vendredi 19 f\u00e9vrier: \u00a0Jeudi 18 f\u00e9vrier: &nbsp; Mercredi 17 f\u00e9vrier: Mardi 16 f\u00e9vrier: Lundi 15 f\u00e9vrier: Ossature pr\u00e9fabriqu\u00e9e en atelier chez Barras Charpente: &nbsp; Conception de l&rsquo;ossature en bois: Lire un reportage sur la conception de l&rsquo;ossature bois: http:\/\/www.en-autarcie.ch\/index.php\/carnets-de-construction\/lossature-bois-la-colonne-vertebrale-dune-maison-ecologique\/ &nbsp; &nbsp;\" \/>\n<meta property=\"og:url\" content=\"http:\/\/www.en-autarcie.ch\/index.php\/montage-de-lossature-bois-travaux-sur-trois-jours\/\" \/>\n<meta property=\"og:site_name\" content=\"Maison Autarcique\" \/>\n<meta property=\"article:modified_time\" content=\"2016-02-22T21:12:00+00:00\" \/>\n<meta property=\"og:image\" content=\"http:\/\/www.en-autarcie.ch\/wp-content\/uploads\/2016\/02\/IMG_20160220_134433-300x169.jpg\" \/>\n<meta name=\"twitter:card\" content=\"summary_large_image\" \/>\n<script type=\"application\/ld+json\" class=\"yoast-schema-graph\">{\"@context\":\"https:\/\/schema.org\",\"@graph\":[{\"@type\":\"WebPage\",\"@id\":\"http:\/\/www.en-autarcie.ch\/index.php\/montage-de-lossature-bois-travaux-sur-trois-jours\/\",\"url\":\"http:\/\/www.en-autarcie.ch\/index.php\/montage-de-lossature-bois-travaux-sur-trois-jours\/\",\"name\":\"Montage de l'ossature bois, travaux sur cinq jours. - Maison Autarcique\",\"isPartOf\":{\"@id\":\"http:\/\/www.en-autarcie.ch\/#website\"},\"datePublished\":\"2016-02-14T19:29:11+00:00\",\"dateModified\":\"2016-02-22T21:12:00+00:00\",\"breadcrumb\":{\"@id\":\"http:\/\/www.en-autarcie.ch\/index.php\/montage-de-lossature-bois-travaux-sur-trois-jours\/#breadcrumb\"},\"inLanguage\":\"fr-FR\",\"potentialAction\":[{\"@type\":\"ReadAction\",\"target\":[\"http:\/\/www.en-autarcie.ch\/index.php\/montage-de-lossature-bois-travaux-sur-trois-jours\/\"]}]},{\"@type\":\"BreadcrumbList\",\"@id\":\"http:\/\/www.en-autarcie.ch\/index.php\/montage-de-lossature-bois-travaux-sur-trois-jours\/#breadcrumb\",\"itemListElement\":[{\"@type\":\"ListItem\",\"position\":1,\"name\":\"Accueil\",\"item\":\"http:\/\/www.en-autarcie.ch\/\"},{\"@type\":\"ListItem\",\"position\":2,\"name\":\"Montage de l&rsquo;ossature bois, travaux sur cinq jours.\"}]},{\"@type\":\"WebSite\",\"@id\":\"http:\/\/www.en-autarcie.ch\/#website\",\"url\":\"http:\/\/www.en-autarcie.ch\/\",\"name\":\"Maison Autarcique\",\"description\":\"Premi\u00e8re maison autarcique, low-tech et permaculture de Suisse.\",\"potentialAction\":[{\"@type\":\"SearchAction\",\"target\":{\"@type\":\"EntryPoint\",\"urlTemplate\":\"http:\/\/www.en-autarcie.ch\/?s={search_term_string}\"},\"query-input\":\"required name=search_term_string\"}],\"inLanguage\":\"fr-FR\"}]}<\/script>\n<!-- \/ Yoast SEO plugin. -->","yoast_head_json":{"title":"Montage de l'ossature bois, travaux sur cinq jours. - Maison Autarcique","robots":{"index":"index","follow":"follow","max-snippet":"max-snippet:-1","max-image-preview":"max-image-preview:large","max-video-preview":"max-video-preview:-1"},"canonical":"http:\/\/www.en-autarcie.ch\/index.php\/montage-de-lossature-bois-travaux-sur-trois-jours\/","og_locale":"fr_FR","og_type":"article","og_title":"Montage de l'ossature bois, travaux sur cinq jours. - Maison Autarcique","og_description":"Sur cette page, vous pouvez voir le montage de l&rsquo;ossature en bois. Vendredi 19 f\u00e9vrier: \u00a0Jeudi 18 f\u00e9vrier: &nbsp; Mercredi 17 f\u00e9vrier: Mardi 16 f\u00e9vrier: Lundi 15 f\u00e9vrier: Ossature pr\u00e9fabriqu\u00e9e en atelier chez Barras Charpente: &nbsp; Conception de l&rsquo;ossature en bois: Lire un reportage sur la conception de l&rsquo;ossature bois: http:\/\/www.en-autarcie.ch\/index.php\/carnets-de-construction\/lossature-bois-la-colonne-vertebrale-dune-maison-ecologique\/ &nbsp; &nbsp;","og_url":"http:\/\/www.en-autarcie.ch\/index.php\/montage-de-lossature-bois-travaux-sur-trois-jours\/","og_site_name":"Maison Autarcique","article_modified_time":"2016-02-22T21:12:00+00:00","og_image":[{"url":"http:\/\/www.en-autarcie.ch\/wp-content\/uploads\/2016\/02\/IMG_20160220_134433-300x169.jpg"}],"twitter_card":"summary_large_image","schema":{"@context":"https:\/\/schema.org","@graph":[{"@type":"WebPage","@id":"http:\/\/www.en-autarcie.ch\/index.php\/montage-de-lossature-bois-travaux-sur-trois-jours\/","url":"http:\/\/www.en-autarcie.ch\/index.php\/montage-de-lossature-bois-travaux-sur-trois-jours\/","name":"Montage de l'ossature bois, travaux sur cinq jours. - Maison Autarcique","isPartOf":{"@id":"http:\/\/www.en-autarcie.ch\/#website"},"datePublished":"2016-02-14T19:29:11+00:00","dateModified":"2016-02-22T21:12:00+00:00","breadcrumb":{"@id":"http:\/\/www.en-autarcie.ch\/index.php\/montage-de-lossature-bois-travaux-sur-trois-jours\/#breadcrumb"},"inLanguage":"fr-FR","potentialAction":[{"@type":"ReadAction","target":["http:\/\/www.en-autarcie.ch\/index.php\/montage-de-lossature-bois-travaux-sur-trois-jours\/"]}]},{"@type":"BreadcrumbList","@id":"http:\/\/www.en-autarcie.ch\/index.php\/montage-de-lossature-bois-travaux-sur-trois-jours\/#breadcrumb","itemListElement":[{"@type":"ListItem","position":1,"name":"Accueil","item":"http:\/\/www.en-autarcie.ch\/"},{"@type":"ListItem","position":2,"name":"Montage de l&rsquo;ossature bois, travaux sur cinq jours."}]},{"@type":"WebSite","@id":"http:\/\/www.en-autarcie.ch\/#website","url":"http:\/\/www.en-autarcie.ch\/","name":"Maison Autarcique","description":"Premi\u00e8re maison autarcique, low-tech et permaculture de Suisse.","potentialAction":[{"@type":"SearchAction","target":{"@type":"EntryPoint","urlTemplate":"http:\/\/www.en-autarcie.ch\/?s={search_term_string}"},"query-input":"required name=search_term_string"}],"inLanguage":"fr-FR"}]}},"_links":{"self":[{"href":"http:\/\/www.en-autarcie.ch\/index.php\/wp-json\/wp\/v2\/pages\/549"}],"collection":[{"href":"http:\/\/www.en-autarcie.ch\/index.php\/wp-json\/wp\/v2\/pages"}],"about":[{"href":"http:\/\/www.en-autarcie.ch\/index.php\/wp-json\/wp\/v2\/types\/page"}],"author":[{"embeddable":true,"href":"http:\/\/www.en-autarcie.ch\/index.php\/wp-json\/wp\/v2\/users\/2"}],"replies":[{"embeddable":true,"href":"http:\/\/www.en-autarcie.ch\/index.php\/wp-json\/wp\/v2\/comments?post=549"}],"version-history":[{"count":8,"href":"http:\/\/www.en-autarcie.ch\/index.php\/wp-json\/wp\/v2\/pages\/549\/revisions"}],"predecessor-version":[{"id":561,"href":"http:\/\/www.en-autarcie.ch\/index.php\/wp-json\/wp\/v2\/pages\/549\/revisions\/561"}],"wp:attachment":[{"href":"http:\/\/www.en-autarcie.ch\/index.php\/wp-json\/wp\/v2\/media?parent=549"}],"curies":[{"name":"wp","href":"https:\/\/api.w.org\/{rel}","templated":true}]}}