{"id":970,"date":"2017-01-03T21:41:58","date_gmt":"2017-01-03T20:41:58","guid":{"rendered":"http:\/\/www.en-autarcie.ch\/?page_id=970"},"modified":"2017-01-03T21:58:45","modified_gmt":"2017-01-03T20:58:45","slug":"970-2","status":"publish","type":"page","link":"http:\/\/www.en-autarcie.ch\/index.php\/carnets-de-construction\/970-2\/","title":{"rendered":"Une ann\u00e9e 2017 pour la g\u00e9n\u00e9ration Y! 01.01.17"},"content":{"rendered":"<div class=\"fcbkbttn_buttons_block\" id=\"fcbkbttn_left\"><div class=\"fcbkbttn_button\">\n\t\t\t\t\t<a href=\"https:\/\/www.facebook.com\/\" target=\"_blank\">\n\t\t\t\t\t\t<img src=\"http:\/\/www.en-autarcie.ch\/wp-content\/plugins\/facebook-button-plugin\/images\/standard-facebook-ico.png\" alt=\"Fb-Button\" \/>\n\t\t\t\t\t<\/a>\n\t\t\t\t<\/div><div class=\"fcbkbttn_like \"><fb:like href=\"http:\/\/www.en-autarcie.ch\/index.php\/carnets-de-construction\/970-2\/\" action=\"like\" colorscheme=\"light\" layout=\"standard\"  width=\"225px\" size=\"small\"><\/fb:like><\/div><\/div><h4>Mes pens\u00e9es pour la nouvelle ann\u00e9e vont aux jeunes de 20 \u00e0 30 ans.<\/h4>\n<p>&nbsp;<\/p>\n<p><a href=\"http:\/\/www.en-autarcie.ch\/wp-content\/uploads\/2015\/10\/Portrait-Marc-e1443906001171.png\" rel=\"attachment wp-att-314\"><img loading=\"lazy\" class=\" wp-image-314 alignleft\" src=\"http:\/\/www.en-autarcie.ch\/wp-content\/uploads\/2015\/10\/Portrait-Marc-698x1024.png\" alt=\"Portrait Marc Muller\" width=\"101\" height=\"148\" \/><\/a><em>Chers amis du projet EnAutarcie,<\/em><\/p>\n<p><em>J\u2019ai le plaisir de vous \u00e9crire ce mot bien au chaud devant mon ordinateur aliment\u00e9 \u00e0 l\u2019\u00e9lectricit\u00e9 solaire malgr\u00e9 le brouillard pr\u00e9sent ici depuis plus d\u2019un mois (<a href=\"http:\/\/www.en-autarcie.ch\/index.php\/carnets-de-construction\/se-passe-journee-plus-courte-de-lannee-brouillard-maison-autarcique-21-12-16\/\">voir \u00e0 ce propos le dernier carnet de construction<\/a>). J\u2019aimerais vous souhaiter la plus belle des ann\u00e9es 2017, toutefois mes pens\u00e9es ne vont pas \u00e0 vous mais aux jeunes de 20 \u00e0 30 ans.<\/em><\/p>\n<p><em>A travers le projet EnAutarcie, j\u2019imaginais r\u00e9aliser quelques journ\u00e9es participatives durant l\u2019ann\u00e9e 2016 pour faire conna\u00eetre les m\u00e9thodes de construction \u00e9cologiques et durables. Finalement, ce sont pr\u00e8s de 20 dates qui ont eu lieu et plus de 150 personnes qui ont mis la main \u00e0 la paille. La plus grande surprise aura \u00e9t\u00e9 de d\u00e9couvrir les raisons pour lesquels ces personnes &#8211; la plupart des jeunes de la g\u00e9n\u00e9ration Y (entre 18 et 30 ans) &#8211; sont venus donner un coup de main.<\/em><\/p>\n<p><em>Ces jeunes sont formidables. Ils sont form\u00e9s, motiv\u00e9s, d\u00e9brouillards, et ont des cerveaux qui marchent \u00e0 plein r\u00e9gime. Malgr\u00e9 ces talents, ces jeunes, il faut s\u2019en rendre compte, sont frustr\u00e9s. Ils voient le monde se d\u00e9grader, les espaces animales dispara\u00eetre, le climat se r\u00e9chauffer sans que les r\u00e9actions proportionn\u00e9es au sein de notre soci\u00e9t\u00e9 ne se produisent r\u00e9ellement. Leurs parents, leur patron, leurs voisins ne voient d\u2019ailleurs pas o\u00f9 est le probl\u00e8me. Ces jeunes aimeraient changer (r\u00e9parer\u00a0!) le monde, mais partout autour d\u2019eux, ils se rendent compte que les mentalit\u00e9s \u2013 oui, les mentalit\u00e9s \u2013 ne le permettent pas (encore\u00a0?) r\u00e9ellement, m\u00eame si de belles actions naissent ici ou l\u00e0. Ils sentent alors une impuissance grandir qui m\u00e8ne \u00e0 une importante frustration.<\/em><\/p>\n<p><em>Ces jeunes se retrouvent alors un samedi matin \u00e0 empiler des bottes de paille \u00e0 Ch\u00e2tillon. Ils viennent ici pour toucher des mat\u00e9riaux et d\u00e9couvrir que d\u2019autres fa\u00e7ons de faire sont possibles. Surtout que d\u2019autres id\u00e9es sous-jacentes peuvent \u00eatre int\u00e9gr\u00e9es dans une branche professionnelle et cr\u00e9er quelque chose de plus beau encore. Une maison \u00e9cologique\u00a0; non ce n\u2019est pas plus cher\u00a0; oui c\u2019est techniquement au point\u00a0; oui cela donne du travail local\u00a0; non cela ne d\u00e9truit pas l\u2019environnement\u00a0; oui c\u2019est bon pour la sant\u00e9. Tout cela sonne juste. Ce que leur apporte une telle journ\u00e9e en r\u00e9alit\u00e9, c\u2019est de l\u2019espoir. C\u2019est ramener de la coh\u00e9rence, du r\u00e9el. Tout est possible, ici et aujourd\u2019hui. Vous devriez voir leurs sourires en fin de journ\u00e9e et comme leurs batteries sont recharg\u00e9es en quittant Ch\u00e2tillon. C\u2019est un vrai bonheur.<\/em><\/p>\n<p><em>Si vous n\u2019en avez pas encore eu l\u2019occasion, essayez-le en 2017. Faites un pas vers ces jeunes. Vous ne serez pas d\u00e9\u00e7u. Nous devons ensemble &#8211; et de toute urgence &#8211; leur laisser le droit de construire le monde qui leur appartiendra prochainement et les aider dans leur d\u00e9marche. Ils sont plein de talents et ce qu\u2019ils vont construire va \u00eatre absolument extraordinaire.<\/em><\/p>\n<p><em>Je vous souhaite \u00e0 toutes et \u00e0 tous une tr\u00e8s belle ann\u00e9e 2017 et me r\u00e9jouis de vous voir prochainement \u00e0 Ch\u00e2tillon pour un caf\u00e9 solaire \u00e0 l\u2019eau de pluie!<\/em><\/p>\n<p>&nbsp;<\/p>\n<p><em>Marc Muller<\/em><\/p>\n<p>&nbsp;<\/p>\n<p><em>Merci \u00e0 tous ces jeunes pour les riches \u00e9changes durant les journ\u00e9es participatives:<\/em><\/p>\n<p><a href=\"http:\/\/www.en-autarcie.ch\/wp-content\/uploads\/2017\/01\/Y-1.png\" rel=\"attachment wp-att-973\"><img loading=\"lazy\" class=\"aligncenter size-full wp-image-973\" src=\"http:\/\/www.en-autarcie.ch\/wp-content\/uploads\/2017\/01\/Y-1.png\" alt=\"y-1\" width=\"1000\" height=\"662\" srcset=\"http:\/\/www.en-autarcie.ch\/wp-content\/uploads\/2017\/01\/Y-1.png 1000w, http:\/\/www.en-autarcie.ch\/wp-content\/uploads\/2017\/01\/Y-1-300x199.png 300w, http:\/\/www.en-autarcie.ch\/wp-content\/uploads\/2017\/01\/Y-1-768x508.png 768w\" sizes=\"(max-width: 1000px) 100vw, 1000px\" \/><\/a><\/p>\n<p>&nbsp;<\/p>\n<p><a href=\"http:\/\/www.en-autarcie.ch\/wp-content\/uploads\/2015\/10\/16-05-14-pose-argile.png\" rel=\"attachment wp-att-828\"><img loading=\"lazy\" class=\"size-full wp-image-828\" src=\"http:\/\/www.en-autarcie.ch\/wp-content\/uploads\/2015\/10\/16-05-14-pose-argile.png\" alt=\"14.05.2016 Kevin et Marc posent la couche d\u2019adh\u00e9rence (argile pure) sur les bottes de paille lors du premier chantier participatif.\" width=\"1000\" height=\"662\" srcset=\"http:\/\/www.en-autarcie.ch\/wp-content\/uploads\/2015\/10\/16-05-14-pose-argile.png 1000w, http:\/\/www.en-autarcie.ch\/wp-content\/uploads\/2015\/10\/16-05-14-pose-argile-300x199.png 300w, http:\/\/www.en-autarcie.ch\/wp-content\/uploads\/2015\/10\/16-05-14-pose-argile-768x508.png 768w\" sizes=\"(max-width: 1000px) 100vw, 1000px\" \/><\/a><\/p>\n<p>&nbsp;<\/p>\n<p>&nbsp;<\/p>\n<p><a href=\"http:\/\/www.en-autarcie.ch\/wp-content\/uploads\/2015\/10\/16-05-21-Catherine.png\" rel=\"attachment wp-att-829\"><img loading=\"lazy\" class=\"size-full wp-image-829\" src=\"http:\/\/www.en-autarcie.ch\/wp-content\/uploads\/2015\/10\/16-05-21-Catherine.png\" alt=\"21.05.2016 Catherine pose une botte de paille lors du deuxi\u00e8me chantier participatif. A la main, de la paille est serr\u00e9e autour de la botte afin de tenir celle-ci dans l\u2019ossature en bois.\" width=\"1000\" height=\"662\" srcset=\"http:\/\/www.en-autarcie.ch\/wp-content\/uploads\/2015\/10\/16-05-21-Catherine.png 1000w, http:\/\/www.en-autarcie.ch\/wp-content\/uploads\/2015\/10\/16-05-21-Catherine-300x199.png 300w, http:\/\/www.en-autarcie.ch\/wp-content\/uploads\/2015\/10\/16-05-21-Catherine-768x508.png 768w\" sizes=\"(max-width: 1000px) 100vw, 1000px\" \/><\/a><\/p>\n<p>&nbsp;<\/p>\n<p>&nbsp;<\/p>\n<p><a href=\"http:\/\/www.en-autarcie.ch\/wp-content\/uploads\/2015\/10\/16-06-29-cr\u00e9pis.png\" rel=\"attachment wp-att-850\"><img loading=\"lazy\" class=\"size-large wp-image-850\" src=\"http:\/\/www.en-autarcie.ch\/wp-content\/uploads\/2015\/10\/16-06-29-cr\u00e9pis-1024x678.png\" alt=\"28.06.16 - 40 \u00e9l\u00e8ves de 9\u00e8me ann\u00e9e viennent d\u00e9couvrir les cr\u00e9pis en terre (photo prise juste avant que la bataille de boue ne commence...)\" width=\"718\" height=\"475\" srcset=\"http:\/\/www.en-autarcie.ch\/wp-content\/uploads\/2015\/10\/16-06-29-cr\u00e9pis-1024x678.png 1024w, http:\/\/www.en-autarcie.ch\/wp-content\/uploads\/2015\/10\/16-06-29-cr\u00e9pis-300x199.png 300w, http:\/\/www.en-autarcie.ch\/wp-content\/uploads\/2015\/10\/16-06-29-cr\u00e9pis-768x509.png 768w, http:\/\/www.en-autarcie.ch\/wp-content\/uploads\/2015\/10\/16-06-29-cr\u00e9pis.png 1510w\" sizes=\"(max-width: 718px) 100vw, 718px\" \/><\/a><\/p>\n<p><a href=\"http:\/\/www.en-autarcie.ch\/wp-content\/uploads\/2015\/10\/16-05-14-Daniel.png\" rel=\"attachment wp-att-827\"><img loading=\"lazy\" class=\"size-full wp-image-827\" src=\"http:\/\/www.en-autarcie.ch\/wp-content\/uploads\/2015\/10\/16-05-14-Daniel.png\" alt=\"14.05.2016 Daniel r\u00e9duit la taille de la botte de paille afin de l\u2019encastrer dans le mur de l\u2019entr\u00e9e.\" width=\"662\" height=\"999\" srcset=\"http:\/\/www.en-autarcie.ch\/wp-content\/uploads\/2015\/10\/16-05-14-Daniel.png 662w, http:\/\/www.en-autarcie.ch\/wp-content\/uploads\/2015\/10\/16-05-14-Daniel-199x300.png 199w\" sizes=\"(max-width: 662px) 100vw, 662px\" \/><\/a><\/p>\n<p>&nbsp;<\/p>\n<p><a href=\"http:\/\/www.en-autarcie.ch\/wp-content\/uploads\/2015\/10\/16-10-21.png\" rel=\"attachment wp-att-958\"><img loading=\"lazy\" class=\"size-large wp-image-958\" src=\"http:\/\/www.en-autarcie.ch\/wp-content\/uploads\/2015\/10\/16-10-21-1024x678.png\" alt=\"22.10.16 Pose des panneaux de laine de bois qui prot\u00e9geront la paille... avec l'infatigable Daniel.\" width=\"718\" height=\"475\" srcset=\"http:\/\/www.en-autarcie.ch\/wp-content\/uploads\/2015\/10\/16-10-21-1024x678.png 1024w, http:\/\/www.en-autarcie.ch\/wp-content\/uploads\/2015\/10\/16-10-21-300x199.png 300w, http:\/\/www.en-autarcie.ch\/wp-content\/uploads\/2015\/10\/16-10-21-768x509.png 768w, http:\/\/www.en-autarcie.ch\/wp-content\/uploads\/2015\/10\/16-10-21.png 1200w\" sizes=\"(max-width: 718px) 100vw, 718px\" \/><\/a><\/p>\n<p>&nbsp;<\/p>\n<p>&nbsp;<\/p>\n<p><a href=\"http:\/\/www.en-autarcie.ch\/wp-content\/uploads\/2015\/10\/16-10-10-B.png\" rel=\"attachment wp-att-955\"><img loading=\"lazy\" class=\"size-large wp-image-955\" src=\"http:\/\/www.en-autarcie.ch\/wp-content\/uploads\/2015\/10\/16-10-10-B-678x1024.png\" alt=\"10.10.16 Un petit coup de main appr\u00e9ci\u00e9 d'un ex-coll\u00e8gue de l'Office f\u00e9d\u00e9ral de l'\u00e9nergie, merci Olivier!\" width=\"678\" height=\"1024\" srcset=\"http:\/\/www.en-autarcie.ch\/wp-content\/uploads\/2015\/10\/16-10-10-B-678x1024.png 678w, http:\/\/www.en-autarcie.ch\/wp-content\/uploads\/2015\/10\/16-10-10-B-199x300.png 199w, http:\/\/www.en-autarcie.ch\/wp-content\/uploads\/2015\/10\/16-10-10-B-768x1159.png 768w, http:\/\/www.en-autarcie.ch\/wp-content\/uploads\/2015\/10\/16-10-10-B.png 795w\" sizes=\"(max-width: 678px) 100vw, 678px\" \/><\/a><\/p>\n<p>&nbsp;<\/p>\n<p><a href=\"http:\/\/www.en-autarcie.ch\/wp-content\/uploads\/2017\/01\/Y-2.png\" rel=\"attachment wp-att-974\"><img loading=\"lazy\" class=\"aligncenter size-large wp-image-974\" src=\"http:\/\/www.en-autarcie.ch\/wp-content\/uploads\/2017\/01\/Y-2.png\" alt=\"y-2\" width=\"718\" height=\"475\" srcset=\"http:\/\/www.en-autarcie.ch\/wp-content\/uploads\/2017\/01\/Y-2.png 1000w, http:\/\/www.en-autarcie.ch\/wp-content\/uploads\/2017\/01\/Y-2-300x199.png 300w, http:\/\/www.en-autarcie.ch\/wp-content\/uploads\/2017\/01\/Y-2-768x508.png 768w\" sizes=\"(max-width: 718px) 100vw, 718px\" \/><\/a><\/p>\n<p>&nbsp;<\/p>\n<p><a href=\"http:\/\/www.en-autarcie.ch\/wp-content\/uploads\/2017\/01\/Y-4.png\" rel=\"attachment wp-att-975\"><img loading=\"lazy\" class=\"aligncenter size-large wp-image-975\" src=\"http:\/\/www.en-autarcie.ch\/wp-content\/uploads\/2017\/01\/Y-4.png\" alt=\"y-4\" width=\"718\" height=\"475\" srcset=\"http:\/\/www.en-autarcie.ch\/wp-content\/uploads\/2017\/01\/Y-4.png 1000w, http:\/\/www.en-autarcie.ch\/wp-content\/uploads\/2017\/01\/Y-4-300x199.png 300w, http:\/\/www.en-autarcie.ch\/wp-content\/uploads\/2017\/01\/Y-4-768x508.png 768w\" sizes=\"(max-width: 718px) 100vw, 718px\" \/><\/a><\/p>\n<p>&nbsp;<\/p>\n","protected":false},"excerpt":{"rendered":"<p>Mes pens\u00e9es pour la nouvelle ann\u00e9e vont aux jeunes de 20 \u00e0 30 ans. &nbsp; Chers amis du projet EnAutarcie, J\u2019ai le plaisir de vous \u00e9crire ce mot bien au chaud devant mon ordinateur aliment\u00e9 \u00e0 l\u2019\u00e9lectricit\u00e9 solaire malgr\u00e9 le brouillard pr\u00e9sent ici depuis plus d\u2019un mois (voir \u00e0 ce propos le dernier carnet de [&hellip;]<\/p>\n","protected":false},"author":2,"featured_media":974,"parent":16,"menu_order":84,"comment_status":"closed","ping_status":"closed","template":"","meta":{"ngg_post_thumbnail":0},"yoast_head":"<!-- This site is optimized with the Yoast SEO plugin v20.6 - https:\/\/yoast.com\/wordpress\/plugins\/seo\/ -->\n<title>Une ann\u00e9e 2017 pour la g\u00e9n\u00e9ration Y! 01.01.17 - Maison Autarcique<\/title>\n<meta name=\"robots\" content=\"index, follow, max-snippet:-1, max-image-preview:large, max-video-preview:-1\" \/>\n<link rel=\"canonical\" href=\"http:\/\/www.en-autarcie.ch\/index.php\/carnets-de-construction\/970-2\/\" \/>\n<meta property=\"og:locale\" content=\"fr_FR\" \/>\n<meta property=\"og:type\" content=\"article\" \/>\n<meta property=\"og:title\" content=\"Une ann\u00e9e 2017 pour la g\u00e9n\u00e9ration Y! 01.01.17 - Maison Autarcique\" \/>\n<meta property=\"og:description\" content=\"Mes pens\u00e9es pour la nouvelle ann\u00e9e vont aux jeunes de 20 \u00e0 30 ans. &nbsp; Chers amis du projet EnAutarcie, J\u2019ai le plaisir de vous \u00e9crire ce mot bien au chaud devant mon ordinateur aliment\u00e9 \u00e0 l\u2019\u00e9lectricit\u00e9 solaire malgr\u00e9 le brouillard pr\u00e9sent ici depuis plus d\u2019un mois (voir \u00e0 ce propos le dernier carnet de [&hellip;]\" \/>\n<meta property=\"og:url\" content=\"http:\/\/www.en-autarcie.ch\/index.php\/carnets-de-construction\/970-2\/\" \/>\n<meta property=\"og:site_name\" content=\"Maison Autarcique\" \/>\n<meta property=\"article:modified_time\" content=\"2017-01-03T20:58:45+00:00\" \/>\n<meta property=\"og:image\" content=\"http:\/\/www.en-autarcie.ch\/wp-content\/uploads\/2017\/01\/Y-2.png\" \/>\n\t<meta property=\"og:image:width\" content=\"1000\" \/>\n\t<meta property=\"og:image:height\" content=\"662\" \/>\n\t<meta property=\"og:image:type\" content=\"image\/png\" \/>\n<meta name=\"twitter:card\" content=\"summary_large_image\" \/>\n<meta name=\"twitter:label1\" content=\"Dur\u00e9e de lecture estim\u00e9e\" \/>\n\t<meta name=\"twitter:data1\" content=\"3 minutes\" \/>\n<script type=\"application\/ld+json\" class=\"yoast-schema-graph\">{\"@context\":\"https:\/\/schema.org\",\"@graph\":[{\"@type\":\"WebPage\",\"@id\":\"http:\/\/www.en-autarcie.ch\/index.php\/carnets-de-construction\/970-2\/\",\"url\":\"http:\/\/www.en-autarcie.ch\/index.php\/carnets-de-construction\/970-2\/\",\"name\":\"Une ann\u00e9e 2017 pour la g\u00e9n\u00e9ration Y! 01.01.17 - Maison Autarcique\",\"isPartOf\":{\"@id\":\"http:\/\/www.en-autarcie.ch\/#website\"},\"datePublished\":\"2017-01-03T20:41:58+00:00\",\"dateModified\":\"2017-01-03T20:58:45+00:00\",\"breadcrumb\":{\"@id\":\"http:\/\/www.en-autarcie.ch\/index.php\/carnets-de-construction\/970-2\/#breadcrumb\"},\"inLanguage\":\"fr-FR\",\"potentialAction\":[{\"@type\":\"ReadAction\",\"target\":[\"http:\/\/www.en-autarcie.ch\/index.php\/carnets-de-construction\/970-2\/\"]}]},{\"@type\":\"BreadcrumbList\",\"@id\":\"http:\/\/www.en-autarcie.ch\/index.php\/carnets-de-construction\/970-2\/#breadcrumb\",\"itemListElement\":[{\"@type\":\"ListItem\",\"position\":1,\"name\":\"Accueil\",\"item\":\"http:\/\/www.en-autarcie.ch\/\"},{\"@type\":\"ListItem\",\"position\":2,\"name\":\"Carnets de construction\",\"item\":\"http:\/\/www.en-autarcie.ch\/index.php\/carnets-de-construction\/\"},{\"@type\":\"ListItem\",\"position\":3,\"name\":\"Une ann\u00e9e 2017 pour la g\u00e9n\u00e9ration Y! 01.01.17\"}]},{\"@type\":\"WebSite\",\"@id\":\"http:\/\/www.en-autarcie.ch\/#website\",\"url\":\"http:\/\/www.en-autarcie.ch\/\",\"name\":\"Maison Autarcique\",\"description\":\"Premi\u00e8re maison autarcique, low-tech et permaculture de Suisse.\",\"potentialAction\":[{\"@type\":\"SearchAction\",\"target\":{\"@type\":\"EntryPoint\",\"urlTemplate\":\"http:\/\/www.en-autarcie.ch\/?s={search_term_string}\"},\"query-input\":\"required name=search_term_string\"}],\"inLanguage\":\"fr-FR\"}]}<\/script>\n<!-- \/ Yoast SEO plugin. -->","yoast_head_json":{"title":"Une ann\u00e9e 2017 pour la g\u00e9n\u00e9ration Y! 01.01.17 - Maison Autarcique","robots":{"index":"index","follow":"follow","max-snippet":"max-snippet:-1","max-image-preview":"max-image-preview:large","max-video-preview":"max-video-preview:-1"},"canonical":"http:\/\/www.en-autarcie.ch\/index.php\/carnets-de-construction\/970-2\/","og_locale":"fr_FR","og_type":"article","og_title":"Une ann\u00e9e 2017 pour la g\u00e9n\u00e9ration Y! 01.01.17 - Maison Autarcique","og_description":"Mes pens\u00e9es pour la nouvelle ann\u00e9e vont aux jeunes de 20 \u00e0 30 ans. &nbsp; Chers amis du projet EnAutarcie, J\u2019ai le plaisir de vous \u00e9crire ce mot bien au chaud devant mon ordinateur aliment\u00e9 \u00e0 l\u2019\u00e9lectricit\u00e9 solaire malgr\u00e9 le brouillard pr\u00e9sent ici depuis plus d\u2019un mois (voir \u00e0 ce propos le dernier carnet de [&hellip;]","og_url":"http:\/\/www.en-autarcie.ch\/index.php\/carnets-de-construction\/970-2\/","og_site_name":"Maison Autarcique","article_modified_time":"2017-01-03T20:58:45+00:00","og_image":[{"width":1000,"height":662,"url":"http:\/\/www.en-autarcie.ch\/wp-content\/uploads\/2017\/01\/Y-2.png","type":"image\/png"}],"twitter_card":"summary_large_image","twitter_misc":{"Dur\u00e9e de lecture estim\u00e9e":"3 minutes"},"schema":{"@context":"https:\/\/schema.org","@graph":[{"@type":"WebPage","@id":"http:\/\/www.en-autarcie.ch\/index.php\/carnets-de-construction\/970-2\/","url":"http:\/\/www.en-autarcie.ch\/index.php\/carnets-de-construction\/970-2\/","name":"Une ann\u00e9e 2017 pour la g\u00e9n\u00e9ration Y! 01.01.17 - Maison Autarcique","isPartOf":{"@id":"http:\/\/www.en-autarcie.ch\/#website"},"datePublished":"2017-01-03T20:41:58+00:00","dateModified":"2017-01-03T20:58:45+00:00","breadcrumb":{"@id":"http:\/\/www.en-autarcie.ch\/index.php\/carnets-de-construction\/970-2\/#breadcrumb"},"inLanguage":"fr-FR","potentialAction":[{"@type":"ReadAction","target":["http:\/\/www.en-autarcie.ch\/index.php\/carnets-de-construction\/970-2\/"]}]},{"@type":"BreadcrumbList","@id":"http:\/\/www.en-autarcie.ch\/index.php\/carnets-de-construction\/970-2\/#breadcrumb","itemListElement":[{"@type":"ListItem","position":1,"name":"Accueil","item":"http:\/\/www.en-autarcie.ch\/"},{"@type":"ListItem","position":2,"name":"Carnets de construction","item":"http:\/\/www.en-autarcie.ch\/index.php\/carnets-de-construction\/"},{"@type":"ListItem","position":3,"name":"Une ann\u00e9e 2017 pour la g\u00e9n\u00e9ration Y! 01.01.17"}]},{"@type":"WebSite","@id":"http:\/\/www.en-autarcie.ch\/#website","url":"http:\/\/www.en-autarcie.ch\/","name":"Maison Autarcique","description":"Premi\u00e8re maison autarcique, low-tech et permaculture de Suisse.","potentialAction":[{"@type":"SearchAction","target":{"@type":"EntryPoint","urlTemplate":"http:\/\/www.en-autarcie.ch\/?s={search_term_string}"},"query-input":"required name=search_term_string"}],"inLanguage":"fr-FR"}]}},"_links":{"self":[{"href":"http:\/\/www.en-autarcie.ch\/index.php\/wp-json\/wp\/v2\/pages\/970"}],"collection":[{"href":"http:\/\/www.en-autarcie.ch\/index.php\/wp-json\/wp\/v2\/pages"}],"about":[{"href":"http:\/\/www.en-autarcie.ch\/index.php\/wp-json\/wp\/v2\/types\/page"}],"author":[{"embeddable":true,"href":"http:\/\/www.en-autarcie.ch\/index.php\/wp-json\/wp\/v2\/users\/2"}],"replies":[{"embeddable":true,"href":"http:\/\/www.en-autarcie.ch\/index.php\/wp-json\/wp\/v2\/comments?post=970"}],"version-history":[{"count":6,"href":"http:\/\/www.en-autarcie.ch\/index.php\/wp-json\/wp\/v2\/pages\/970\/revisions"}],"predecessor-version":[{"id":986,"href":"http:\/\/www.en-autarcie.ch\/index.php\/wp-json\/wp\/v2\/pages\/970\/revisions\/986"}],"up":[{"embeddable":true,"href":"http:\/\/www.en-autarcie.ch\/index.php\/wp-json\/wp\/v2\/pages\/16"}],"wp:featuredmedia":[{"embeddable":true,"href":"http:\/\/www.en-autarcie.ch\/index.php\/wp-json\/wp\/v2\/media\/974"}],"wp:attachment":[{"href":"http:\/\/www.en-autarcie.ch\/index.php\/wp-json\/wp\/v2\/media?parent=970"}],"curies":[{"name":"wp","href":"https:\/\/api.w.org\/{rel}","templated":true}]}}